{"id":2767,"date":"2019-09-18T10:15:32","date_gmt":"2019-09-18T08:15:32","guid":{"rendered":"https:\/\/dev.doozy.it\/otticacarraro\/?page_id=2767"},"modified":"2022-01-12T17:45:43","modified_gmt":"2022-01-12T16:45:43","slug":"chi-siamo","status":"publish","type":"page","link":"https:\/\/www.otticacarraro.it\/it\/chi-siamo\/","title":{"rendered":"Chi Siamo"},"content":{"rendered":"<div class=\"wpb-content-wrapper\"><p>[vc_row][vc_column offset=&#8221;vc_col-lg-offset-2 vc_col-lg-9&#8243;]<div id=\"ultimate-heading-708969f123d54e6cb\" class=\"uvc-heading ult-adjust-bottom-margin ultimate-heading-708969f123d54e6cb uvc-5212 \" data-hspacer=\"line_only\"  data-halign=\"center\" style=\"text-align:center\"><div class=\"uvc-main-heading ult-responsive\"  data-ultimate-target='.uvc-heading.ultimate-heading-708969f123d54e6cb h2'  data-responsive-json-new='{\"font-size\":\"desktop:24px;\",\"line-height\":\"\"}' ><h2 style=\"--font-weight:theme;color:#c79b31;margin-bottom:10px;\">LA CERTEZZA DI UN SERVIZIO PROFESSIONALE COMPLETO<\/h2><\/div><div class=\"uvc-heading-spacer line_only\" style=\"margin-bottom:20px;height:1px;\"><span class=\"uvc-headings-line\" style=\"border-style:solid;border-bottom-width:1px;border-color:#c79b31;width:300px;\"><\/span><\/div><div class=\"uvc-sub-heading ult-responsive\"  data-ultimate-target='.uvc-heading.ultimate-heading-708969f123d54e6cb .uvc-sub-heading '  data-responsive-json-new='{\"font-size\":\"\",\"line-height\":\"\"}'  style=\"font-weight:normal;\"><span style=\"color: #000000;\">Ottica Carraro dispone di una scelta completa tra i pi\u00f9 importanti marchi di occhiali da vista e da sole, offrendo, inoltre, un servizio di controllo della vista.<\/span><\/div><\/div>[vc_empty_space height=&#8221;64px&#8221;][\/vc_column][\/vc_row][vc_row equal_height=&#8221;yes&#8221; content_placement=&#8221;middle&#8221;][vc_column width=&#8221;1\/2&#8243;][vc_column_text]Tra i negozi pi\u00f9 conosciuti della citt\u00e0, \u00e8 situato nel sestiere di San Marco nell&#8217;elegante &#8220;Calle della Mandola&#8221;, arteria di collegamento tra l&#8217;Accademia e Rialto.\u00a0Inaugurato per la prima volta nel 1967 \u00e8 stato completamente ristrutturato e restaurato ne 1990 grazie all&#8217;architetto Mario Valentini, diretto allievo del famoso architetto veneziano Carlo Scarpa.<\/p>\n<p>Il suo ambiente \u00e8 caratterizzato da due grandi vetrine cubiche e dagli interni arredati con stile, alternando con sapiente eleganza ottone e marmo.\u00a0La suddivisione architettonica dei locali \u00e8 stata disegnata per ottenere ambienti contigui ma allo stesso tempo distinti: reparto vendita, laboratorio, sala refrazione.[\/vc_column_text][\/vc_column][vc_column width=&#8221;1\/2&#8243;][vc_raw_html]JTNDaWZyYW1lJTIwc3JjJTNEJTIyaHR0cHMlM0ElMkYlMkZ3d3cuZ29vZ2xlLmNvbSUyRm1hcHMlMkZlbWJlZCUzRnBiJTNEJTIxNHYxNTY4Nzk1MDczMTU5JTIxNm04JTIxMW03JTIxMXNDQW9TTEVGR01WRnBjRTlTUzNkbmJXNWtUWE5aTVZwVmJUSlhOR2xDUmkxWk1sTk1PSFJzTTFFME1GOHdWR2wzJTIxMm0yJTIxMWQ0NS40MzQ3Mzc1JTIxMmQxMi4zMzMwNzc5JTIxM2YyODAlMjE0ZjAlMjE1ZjAuNzgyMDg2NTk3NDYyNzQ2OSUyMiUyMHdpZHRoJTNEJTIyMTAwJTI1JTIyJTIwaGVpZ2h0JTNEJTIyNDUwJTIyJTIwZnJhbWVib3JkZXIlM0QlMjIwJTIyJTIwc3R5bGUlM0QlMjJib3JkZXIlM0EwJTNCJTIyJTIwYWxsb3dmdWxsc2NyZWVuJTNEJTIyJTIyJTNFJTNDJTJGaWZyYW1lJTNF[\/vc_raw_html][\/vc_column][\/vc_row][vc_row][vc_column][vc_empty_space][\/vc_column][\/vc_row][vc_row][vc_column]<style type=\"text\/css\" data-type=\"the7_shortcodes-inline-css\">.gallery-shortcode.gallery-masonry-shortcode-id-54aa386ebfb2ee59fbb09149ff21faae figure,\n.gallery-shortcode.gallery-masonry-shortcode-id-54aa386ebfb2ee59fbb09149ff21faae .rollover,\n.gallery-shortcode.gallery-masonry-shortcode-id-54aa386ebfb2ee59fbb09149ff21faae img,\n.gallery-shortcode.gallery-masonry-shortcode-id-54aa386ebfb2ee59fbb09149ff21faae .gallery-rollover {\n  border-radius: 0px;\n}\n.gallery-shortcode.gallery-masonry-shortcode-id-54aa386ebfb2ee59fbb09149ff21faae.enable-bg-rollover .gallery-rollover {\n  background: -webkit-linear-gradient();\n  background: linear-gradient();\n}\n.gallery-shortcode.gallery-masonry-shortcode-id-54aa386ebfb2ee59fbb09149ff21faae.enable-bg-rollover.hover-scale figure .rollover:after {\n  background: -webkit-linear-gradient();\n  background: linear-gradient();\n}\n.gallery-shortcode.gallery-masonry-shortcode-id-54aa386ebfb2ee59fbb09149ff21faae .gallery-zoom-ico {\n  width: 44px;\n  height: 44px;\n  line-height: 44px;\n  border-radius: 100px;\n  margin: -22px 0 0 -22px;\n  border-width: 0px;\n  color: #ffffff;\n}\n.dt-icon-bg-on.gallery-shortcode.gallery-masonry-shortcode-id-54aa386ebfb2ee59fbb09149ff21faae .gallery-zoom-ico {\n  background: rgba(255,255,255,0.3);\n  box-shadow: none;\n}\n.gallery-shortcode.gallery-masonry-shortcode-id-54aa386ebfb2ee59fbb09149ff21faae .gallery-zoom-ico:before,\n.gallery-shortcode.gallery-masonry-shortcode-id-54aa386ebfb2ee59fbb09149ff21faae .gallery-zoom-ico span {\n  font-size: 32px;\n  line-height: 44px;\n  color: #ffffff;\n}\n.gallery-shortcode.gallery-masonry-shortcode-id-54aa386ebfb2ee59fbb09149ff21faae:not(.resize-by-browser-width) .dt-css-grid {\n  grid-row-gap: 10px;\n  grid-column-gap: 10px;\n  grid-template-columns: repeat(auto-fill,minmax(,1fr));\n}\n.gallery-shortcode.gallery-masonry-shortcode-id-54aa386ebfb2ee59fbb09149ff21faae:not(.resize-by-browser-width) .dt-css-grid .double-width {\n  grid-column: span 2;\n}\n.cssgridlegacy.no-cssgrid .gallery-shortcode.gallery-masonry-shortcode-id-54aa386ebfb2ee59fbb09149ff21faae:not(.resize-by-browser-width) .dt-css-grid,\n.no-cssgridlegacy.no-cssgrid .gallery-shortcode.gallery-masonry-shortcode-id-54aa386ebfb2ee59fbb09149ff21faae:not(.resize-by-browser-width) .dt-css-grid {\n  display: flex;\n  flex-flow: row wrap;\n  margin: -5px;\n}\n.cssgridlegacy.no-cssgrid .gallery-shortcode.gallery-masonry-shortcode-id-54aa386ebfb2ee59fbb09149ff21faae:not(.resize-by-browser-width) .dt-css-grid .wf-cell,\n.no-cssgridlegacy.no-cssgrid .gallery-shortcode.gallery-masonry-shortcode-id-54aa386ebfb2ee59fbb09149ff21faae:not(.resize-by-browser-width) .dt-css-grid .wf-cell {\n  flex: 1 0 ;\n  max-width: 100%;\n  padding: 5px;\n  box-sizing: border-box;\n}\n.gallery-shortcode.gallery-masonry-shortcode-id-54aa386ebfb2ee59fbb09149ff21faae.resize-by-browser-width .dt-css-grid {\n  grid-template-columns: repeat(4,1fr);\n  grid-template-rows: auto;\n  grid-column-gap: 10px;\n  grid-row-gap: 10px;\n}\n.gallery-shortcode.gallery-masonry-shortcode-id-54aa386ebfb2ee59fbb09149ff21faae.resize-by-browser-width .dt-css-grid .double-width {\n  grid-column: span 2;\n}\n.cssgridlegacy.no-cssgrid .gallery-shortcode.gallery-masonry-shortcode-id-54aa386ebfb2ee59fbb09149ff21faae.resize-by-browser-width .dt-css-grid {\n  margin: -5px;\n}\n.cssgridlegacy.no-cssgrid .gallery-shortcode.gallery-masonry-shortcode-id-54aa386ebfb2ee59fbb09149ff21faae.resize-by-browser-width .dt-css-grid .wf-cell {\n  width: 25%;\n  padding: 5px;\n}\n.cssgridlegacy.no-cssgrid .gallery-shortcode.gallery-masonry-shortcode-id-54aa386ebfb2ee59fbb09149ff21faae.resize-by-browser-width .dt-css-grid .wf-cell.double-width {\n  width: calc(25%) * 2;\n}\n.gallery-shortcode.gallery-masonry-shortcode-id-54aa386ebfb2ee59fbb09149ff21faae.resize-by-browser-width:not(.centered-layout-list):not(.content-bg-on) .dt-css-grid {\n  grid-row-gap: 10px - ;\n}\n@media screen and (max-width: 1199px) {\n  .gallery-shortcode.gallery-masonry-shortcode-id-54aa386ebfb2ee59fbb09149ff21faae.resize-by-browser-width .dt-css-grid {\n    grid-template-columns: repeat(4,1fr);\n  }\n  .cssgridlegacy.no-cssgrid .gallery-shortcode.gallery-masonry-shortcode-id-54aa386ebfb2ee59fbb09149ff21faae.resize-by-browser-width .dt-css-grid .wf-cell,\n  .no-cssgridlegacy.no-cssgrid .gallery-shortcode.gallery-masonry-shortcode-id-54aa386ebfb2ee59fbb09149ff21faae.resize-by-browser-width .dt-css-grid .wf-cell {\n    width: 25%;\n  }\n  .cssgridlegacy.no-cssgrid .gallery-shortcode.gallery-masonry-shortcode-id-54aa386ebfb2ee59fbb09149ff21faae.resize-by-browser-width .dt-css-grid .wf-cell.double-width,\n  .no-cssgridlegacy.no-cssgrid .gallery-shortcode.gallery-masonry-shortcode-id-54aa386ebfb2ee59fbb09149ff21faae.resize-by-browser-width .dt-css-grid .wf-cell.double-width {\n    width: calc(25%)*2;\n  }\n}\n@media screen and (max-width: 991px) {\n  .gallery-shortcode.gallery-masonry-shortcode-id-54aa386ebfb2ee59fbb09149ff21faae.resize-by-browser-width .dt-css-grid {\n    grid-template-columns: repeat(2,1fr);\n  }\n  .cssgridlegacy.no-cssgrid .gallery-shortcode.gallery-masonry-shortcode-id-54aa386ebfb2ee59fbb09149ff21faae.resize-by-browser-width .dt-css-grid .wf-cell,\n  .no-cssgridlegacy.no-cssgrid .gallery-shortcode.gallery-masonry-shortcode-id-54aa386ebfb2ee59fbb09149ff21faae.resize-by-browser-width .dt-css-grid .wf-cell {\n    width: 50%;\n  }\n  .cssgridlegacy.no-cssgrid .gallery-shortcode.gallery-masonry-shortcode-id-54aa386ebfb2ee59fbb09149ff21faae.resize-by-browser-width .dt-css-grid .wf-cell.double-width,\n  .no-cssgridlegacy.no-cssgrid .gallery-shortcode.gallery-masonry-shortcode-id-54aa386ebfb2ee59fbb09149ff21faae.resize-by-browser-width .dt-css-grid .wf-cell.double-width {\n    width: calc(50%)*2;\n  }\n}\n@media screen and (max-width: 767px) {\n  .gallery-shortcode.gallery-masonry-shortcode-id-54aa386ebfb2ee59fbb09149ff21faae.resize-by-browser-width .dt-css-grid {\n    grid-template-columns: repeat(2,1fr);\n  }\n  .cssgridlegacy.no-cssgrid .gallery-shortcode.gallery-masonry-shortcode-id-54aa386ebfb2ee59fbb09149ff21faae.resize-by-browser-width .dt-css-grid .wf-cell,\n  .no-cssgridlegacy.no-cssgrid .gallery-shortcode.gallery-masonry-shortcode-id-54aa386ebfb2ee59fbb09149ff21faae.resize-by-browser-width .dt-css-grid .wf-cell {\n    width: 50%;\n  }\n  .cssgridlegacy.no-cssgrid .gallery-shortcode.gallery-masonry-shortcode-id-54aa386ebfb2ee59fbb09149ff21faae.resize-by-browser-width .dt-css-grid .wf-cell.double-width,\n  .no-cssgridlegacy.no-cssgrid .gallery-shortcode.gallery-masonry-shortcode-id-54aa386ebfb2ee59fbb09149ff21faae.resize-by-browser-width .dt-css-grid .wf-cell.double-width {\n    width: calc(50%)*2;\n  }\n}\n<\/style><div class=\"gallery-shortcode dt-gallery-container gallery-masonry-shortcode-id-54aa386ebfb2ee59fbb09149ff21faae mode-grid jquery-filter dt-icon-bg-off scale-img dt-css-grid-wrap resize-by-browser-width  hover-fade loading-effect-none description-on-hover\" data-padding=\"5px\" data-cur-page=\"1\" data-post-limit=\"-1\" data-pagination-mode=\"none\" data-desktop-columns-num=\"4\" data-v-tablet-columns-num=\"2\" data-h-tablet-columns-num=\"4\" data-phone-columns-num=\"2\" data-width=\"0px\" data-columns=\"0\"><div class=\"dt-css-grid\" ><div class=\"wf-cell\" data-post-id=\"3377\" data-date=\"2019-10-07T10:15:30+02:00\" data-name=\"Ottica Carraro\"><figure class=\"post visible\"><a href=\"https:\/\/www.otticacarraro.it\/wp-content\/uploads\/2019\/10\/foto_negozio001.jpg\" class=\"rollover dt-pswp-item layzr-bg\" data-large_image_width=\"1200\" data-large_image_height=\"900\" data-dt-img-description=\"\" title=\"Ottica Carraro\"><img fetchpriority=\"high\" decoding=\"async\" class=\"preload-me iso-lazy-load aspect\" src=\"data:image\/svg+xml,%3Csvg%20xmlns%3D&#39;http%3A%2F%2Fwww.w3.org%2F2000%2Fsvg&#39;%20viewBox%3D&#39;0%200%20490%20368&#39;%2F%3E\" data-src=\"https:\/\/www.otticacarraro.it\/wp-content\/uploads\/2019\/10\/foto_negozio001-490x368.jpg\" data-srcset=\"https:\/\/www.otticacarraro.it\/wp-content\/uploads\/2019\/10\/foto_negozio001-490x368.jpg 490w, https:\/\/www.otticacarraro.it\/wp-content\/uploads\/2019\/10\/foto_negozio001-735x552.jpg 735w\" loading=\"eager\" style=\"--ratio: 490 \/ 368\" sizes=\"(max-width: 490px) 100vw, 490px\" alt=\"\" width=\"490\" height=\"368\"  \/><span class=\"gallery-rollover\"><span class=\"gallery-zoom-ico icomoon-the7-font-the7-zoom-06\"><span><\/span><\/span><\/span><\/a><\/figure><\/div><div class=\"wf-cell\" data-post-id=\"3379\" data-date=\"2019-10-07T10:15:33+02:00\" data-name=\"Ottica Carraro\"><figure class=\"post visible\"><a href=\"https:\/\/www.otticacarraro.it\/wp-content\/uploads\/2019\/10\/foto_negozio002.jpg\" class=\"rollover dt-pswp-item layzr-bg\" data-large_image_width=\"1200\" data-large_image_height=\"900\" data-dt-img-description=\"\" title=\"Ottica Carraro\"><img decoding=\"async\" class=\"preload-me iso-lazy-load aspect\" src=\"data:image\/svg+xml,%3Csvg%20xmlns%3D&#39;http%3A%2F%2Fwww.w3.org%2F2000%2Fsvg&#39;%20viewBox%3D&#39;0%200%20490%20368&#39;%2F%3E\" data-src=\"https:\/\/www.otticacarraro.it\/wp-content\/uploads\/2019\/10\/foto_negozio002-490x368.jpg\" data-srcset=\"https:\/\/www.otticacarraro.it\/wp-content\/uploads\/2019\/10\/foto_negozio002-490x368.jpg 490w, https:\/\/www.otticacarraro.it\/wp-content\/uploads\/2019\/10\/foto_negozio002-735x552.jpg 735w\" loading=\"eager\" style=\"--ratio: 490 \/ 368\" sizes=\"(max-width: 490px) 100vw, 490px\" alt=\"\" width=\"490\" height=\"368\"  \/><span class=\"gallery-rollover\"><span class=\"gallery-zoom-ico icomoon-the7-font-the7-zoom-06\"><span><\/span><\/span><\/span><\/a><\/figure><\/div><div class=\"wf-cell\" data-post-id=\"3381\" data-date=\"2019-10-07T10:15:35+02:00\" data-name=\"Ottica Carraro\"><figure class=\"post visible\"><a href=\"https:\/\/www.otticacarraro.it\/wp-content\/uploads\/2019\/10\/foto_negozio003.jpg\" class=\"rollover dt-pswp-item layzr-bg\" data-large_image_width=\"1200\" data-large_image_height=\"900\" data-dt-img-description=\"\" title=\"Ottica Carraro\"><img decoding=\"async\" class=\"preload-me iso-lazy-load aspect\" src=\"data:image\/svg+xml,%3Csvg%20xmlns%3D&#39;http%3A%2F%2Fwww.w3.org%2F2000%2Fsvg&#39;%20viewBox%3D&#39;0%200%20490%20368&#39;%2F%3E\" data-src=\"https:\/\/www.otticacarraro.it\/wp-content\/uploads\/2019\/10\/foto_negozio003-490x368.jpg\" data-srcset=\"https:\/\/www.otticacarraro.it\/wp-content\/uploads\/2019\/10\/foto_negozio003-490x368.jpg 490w, https:\/\/www.otticacarraro.it\/wp-content\/uploads\/2019\/10\/foto_negozio003-735x552.jpg 735w\" loading=\"eager\" style=\"--ratio: 490 \/ 368\" sizes=\"(max-width: 490px) 100vw, 490px\" alt=\"\" width=\"490\" height=\"368\"  \/><span class=\"gallery-rollover\"><span class=\"gallery-zoom-ico icomoon-the7-font-the7-zoom-06\"><span><\/span><\/span><\/span><\/a><\/figure><\/div><div class=\"wf-cell\" data-post-id=\"3383\" data-date=\"2019-10-07T10:15:37+02:00\" data-name=\"Ottica Carraro\"><figure class=\"post visible\"><a href=\"https:\/\/www.otticacarraro.it\/wp-content\/uploads\/2019\/10\/foto_negozio004.jpg\" class=\"rollover dt-pswp-item layzr-bg\" data-large_image_width=\"1200\" data-large_image_height=\"900\" data-dt-img-description=\"\" title=\"Ottica Carraro\"><img decoding=\"async\" class=\"preload-me iso-lazy-load aspect\" src=\"data:image\/svg+xml,%3Csvg%20xmlns%3D&#39;http%3A%2F%2Fwww.w3.org%2F2000%2Fsvg&#39;%20viewBox%3D&#39;0%200%20490%20368&#39;%2F%3E\" data-src=\"https:\/\/www.otticacarraro.it\/wp-content\/uploads\/2019\/10\/foto_negozio004-490x368.jpg\" data-srcset=\"https:\/\/www.otticacarraro.it\/wp-content\/uploads\/2019\/10\/foto_negozio004-490x368.jpg 490w, https:\/\/www.otticacarraro.it\/wp-content\/uploads\/2019\/10\/foto_negozio004-735x552.jpg 735w\" loading=\"eager\" style=\"--ratio: 490 \/ 368\" sizes=\"(max-width: 490px) 100vw, 490px\" alt=\"\" width=\"490\" height=\"368\"  \/><span class=\"gallery-rollover\"><span class=\"gallery-zoom-ico icomoon-the7-font-the7-zoom-06\"><span><\/span><\/span><\/span><\/a><\/figure><\/div><\/div><!-- iso-container|iso-grid --><\/div>[\/vc_column][\/vc_row][vc_row][vc_column][vc_empty_space height=&#8221;60px&#8221;][vc_custom_heading text=&#8221;Pubblicit\u00e0 contributi ricevuti dalle pubbliche amministrazioni anno 2020 rif. Legge n. 124\/2017.<br \/>\nPer gli &#8220;aiuti di stato&#8220; pubblicati sul Registro Nazionale degli Aiuti di Siato, si rinvia al sito per la consultazione del dettaglio degli importi percepiti&#8221; font_container=&#8221;tag:p|font_size:12|text_align:center|color:%237a7a7a&#8221; google_fonts=&#8221;font_family:Tienne%3Aregular%2C700%2C900|font_style:400%20regular%3A400%3Anormal&#8221; link=&#8221;url:https%3A%2F%2Fwww.otticacarraro.it%2Fit%2Faiuti%2F|title:Contatti&#8221;][\/vc_column][\/vc_row][vc_row full_width=&#8221;stretch_row_content_no_spaces&#8221; equal_height=&#8221;yes&#8221; content_placement=&#8221;middle&#8221; css=&#8221;.vc_custom_1568798064977{background-color: #000000 !important;}&#8221;][vc_column][vc_row_inner equal_height=&#8221;yes&#8221; content_placement=&#8221;bottom&#8221;][vc_column_inner width=&#8221;1\/4&#8243;][\/vc_column_inner][vc_column_inner width=&#8221;1\/2&#8243; css=&#8221;.vc_custom_1568798804563{margin-bottom: -100px !important;}&#8221;][vc_empty_space height=&#8221;60px&#8221;][vc_single_image image=&#8221;2135&#8243; img_size=&#8221;150&#215;150&#8243; alignment=&#8221;center&#8221; el_class=&#8221;loghetto&#8221;]<div id=\"ultimate-heading-460869f123d550aab\" class=\"uvc-heading ult-adjust-bottom-margin ultimate-heading-460869f123d550aab uvc-4371 \" data-hspacer=\"line_only\"  data-halign=\"center\" style=\"text-align:center\"><div class=\"uvc-main-heading ult-responsive\"  data-ultimate-target='.uvc-heading.ultimate-heading-460869f123d550aab h2'  data-responsive-json-new='{\"font-size\":\"desktop:24px;\",\"line-height\":\"\"}' ><h2 style=\"--font-weight:theme;color:#ffffff;margin-bottom:10px;\">TUTTI I NOSTRI PRODOTTI SONO REALIZZATI IN ITALIA<\/h2><\/div><div class=\"uvc-heading-spacer line_only\" style=\"margin-bottom:20px;height:1px;\"><span class=\"uvc-headings-line\" style=\"border-style:solid;border-bottom-width:1px;border-color:#c79b31;width:300px;\"><\/span><\/div><div class=\"uvc-sub-heading ult-responsive\"  data-ultimate-target='.uvc-heading.ultimate-heading-460869f123d550aab .uvc-sub-heading '  data-responsive-json-new='{\"font-size\":\"\",\"line-height\":\"\"}'  style=\"font-weight:normal;\"><\/p>\n<p style=\"text-align: center;\"><span style=\"color: #ffffff;\">In una citt\u00e0 unica, inconfondibile per stile e raffinatezza, nasce un nuovo modo di vedere il mondo, attraverso una linea di occhiali assolutamente originale per design, materiali e colori. VENICE , non un semplice occhiale, ma un prodotto altamente innovativo, espressione di un giusto mix tra originalit\u00e0 e comfort.<\/span><\/p>\n<p><\/div><\/div>[vc_empty_space]<div class=\" ubtn-ctn-center \"><a class=\"ubtn-link ult-adjust-bottom-margin ubtn-center ubtn-normal \" href=\"https:\/\/www.otticacarraro.it\/it\/shop\/\" ><button type=\"button\" id=\"ubtn-9124\"  class=\"ubtn ult-adjust-bottom-margin ult-responsive ubtn-normal ubtn-no-hover-bg  none  ubtn-center   tooltip-69f123d550aee\"  data-hover=\"#c79b31\" data-border-color=\"#c79b31\" data-bg=\"#000000\" data-hover-bg=\"\" data-border-hover=\"#ffffff\" data-shadow-hover=\"\" data-shadow-click=\"none\" data-shadow=\"\" data-shd-shadow=\"\"  data-ultimate-target='#ubtn-9124'  data-responsive-json-new='{\"font-size\":\"desktop:14px;\",\"line-height\":\"\"}'  style=\"font-weight:bold;border-radius:0px;border-width:1px;border-color:#c79b31;border-style:solid;background: #000000;color: #ffffff;\"><span class=\"ubtn-hover\" style=\"background-color:\"><\/span><span class=\"ubtn-data ubtn-text \" >vedi i nostri prodotti<\/span><\/button><\/a><\/div>[\/vc_column_inner][vc_column_inner width=&#8221;1\/4&#8243;][\/vc_column_inner][\/vc_row_inner][vc_single_image image=&#8221;306&#8243; img_size=&#8221;full&#8221; alignment=&#8221;center&#8221; css=&#8221;.vc_custom_1568798760527{margin-bottom: 0px !important;}&#8221;][\/vc_column][\/vc_row]<\/p>\n<\/div>","protected":false},"excerpt":{"rendered":"<p>[vc_row][vc_column offset=&#8221;vc_col-lg-offset-2 vc_col-lg-9&#8243;][vc_empty_space height=&#8221;64px&#8221;][\/vc_column][\/vc_row][vc_row equal_height=&#8221;yes&#8221; content_placement=&#8221;middle&#8221;][vc_column width=&#8221;1\/2&#8243;][vc_column_text]Tra i negozi pi\u00f9 conosciuti della citt\u00e0, \u00e8 situato nel sestiere di San Marco nell&#8217;elegante &#8220;Calle della Mandola&#8221;, arteria di collegamento tra l&#8217;Accademia e Rialto.\u00a0Inaugurato per la prima volta nel 1967 \u00e8 stato completamente ristrutturato e restaurato ne 1990 grazie all&#8217;architetto Mario Valentini, diretto allievo del famoso architetto veneziano&hellip;<\/p>\n","protected":false},"author":1,"featured_media":3373,"parent":0,"menu_order":0,"comment_status":"closed","ping_status":"closed","template":"","meta":{"inline_featured_image":false,"footnotes":""},"class_list":["post-2767","page","type-page","status-publish","has-post-thumbnail","hentry","description-off"],"yoast_head":"<!-- This site is optimized with the Yoast SEO plugin v26.7 - https:\/\/yoast.com\/wordpress\/plugins\/seo\/ -->\n<title>Chi Siamo | Ottica Carraro Eyeweardesign<\/title>\n<meta name=\"robots\" content=\"index, follow, max-snippet:-1, max-image-preview:large, max-video-preview:-1\" \/>\n<link rel=\"canonical\" href=\"https:\/\/www.otticacarraro.it\/it\/chi-siamo\/\" \/>\n<meta property=\"og:locale\" content=\"it_IT\" \/>\n<meta property=\"og:type\" content=\"article\" \/>\n<meta property=\"og:title\" content=\"Chi Siamo | Ottica Carraro Eyeweardesign\" \/>\n<meta property=\"og:description\" content=\"[vc_row][vc_column offset=&#8221;vc_col-lg-offset-2 vc_col-lg-9&#8243;][vc_empty_space height=&#8221;64px&#8221;][\/vc_column][\/vc_row][vc_row equal_height=&#8221;yes&#8221; content_placement=&#8221;middle&#8221;][vc_column width=&#8221;1\/2&#8243;][vc_column_text]Tra i negozi pi\u00f9 conosciuti della citt\u00e0, \u00e8 situato nel sestiere di San Marco nell&#8217;elegante &#8220;Calle della Mandola&#8221;, arteria di collegamento tra l&#8217;Accademia e Rialto.\u00a0Inaugurato per la prima volta nel 1967 \u00e8 stato completamente ristrutturato e restaurato ne 1990 grazie all&#8217;architetto Mario Valentini, diretto allievo del famoso architetto veneziano&hellip;\" \/>\n<meta property=\"og:url\" content=\"https:\/\/www.otticacarraro.it\/it\/chi-siamo\/\" \/>\n<meta property=\"og:site_name\" content=\"Ottica Carraro Eyeweardesign\" \/>\n<meta property=\"article:publisher\" content=\"https:\/\/www.facebook.com\/carraroEyeweardesign\/\" \/>\n<meta property=\"article:modified_time\" content=\"2022-01-12T16:45:43+00:00\" \/>\n<meta property=\"og:image\" content=\"https:\/\/www.otticacarraro.it\/wp-content\/uploads\/2019\/10\/header_chisiamo.jpg\" \/>\n\t<meta property=\"og:image:width\" content=\"1920\" \/>\n\t<meta property=\"og:image:height\" content=\"400\" \/>\n\t<meta property=\"og:image:type\" content=\"image\/jpeg\" \/>\n<meta name=\"twitter:card\" content=\"summary_large_image\" \/>\n<meta name=\"twitter:label1\" content=\"Tempo di lettura stimato\" \/>\n\t<meta name=\"twitter:data1\" content=\"3 minuti\" \/>\n<script type=\"application\/ld+json\" class=\"yoast-schema-graph\">{\"@context\":\"https:\/\/schema.org\",\"@graph\":[{\"@type\":\"WebPage\",\"@id\":\"https:\/\/www.otticacarraro.it\/it\/chi-siamo\/\",\"url\":\"https:\/\/www.otticacarraro.it\/it\/chi-siamo\/\",\"name\":\"Chi Siamo | Ottica Carraro Eyeweardesign\",\"isPartOf\":{\"@id\":\"https:\/\/www.otticacarraro.it\/it\/#website\"},\"primaryImageOfPage\":{\"@id\":\"https:\/\/www.otticacarraro.it\/it\/chi-siamo\/#primaryimage\"},\"image\":{\"@id\":\"https:\/\/www.otticacarraro.it\/it\/chi-siamo\/#primaryimage\"},\"thumbnailUrl\":\"https:\/\/www.otticacarraro.it\/wp-content\/uploads\/2019\/10\/header_chisiamo.jpg\",\"datePublished\":\"2019-09-18T08:15:32+00:00\",\"dateModified\":\"2022-01-12T16:45:43+00:00\",\"breadcrumb\":{\"@id\":\"https:\/\/www.otticacarraro.it\/it\/chi-siamo\/#breadcrumb\"},\"inLanguage\":\"it-IT\",\"potentialAction\":[{\"@type\":\"ReadAction\",\"target\":[\"https:\/\/www.otticacarraro.it\/it\/chi-siamo\/\"]}]},{\"@type\":\"ImageObject\",\"inLanguage\":\"it-IT\",\"@id\":\"https:\/\/www.otticacarraro.it\/it\/chi-siamo\/#primaryimage\",\"url\":\"https:\/\/www.otticacarraro.it\/wp-content\/uploads\/2019\/10\/header_chisiamo.jpg\",\"contentUrl\":\"https:\/\/www.otticacarraro.it\/wp-content\/uploads\/2019\/10\/header_chisiamo.jpg\",\"width\":1920,\"height\":400},{\"@type\":\"BreadcrumbList\",\"@id\":\"https:\/\/www.otticacarraro.it\/it\/chi-siamo\/#breadcrumb\",\"itemListElement\":[{\"@type\":\"ListItem\",\"position\":1,\"name\":\"Home\",\"item\":\"https:\/\/www.otticacarraro.it\/it\/\"},{\"@type\":\"ListItem\",\"position\":2,\"name\":\"Chi Siamo\"}]},{\"@type\":\"WebSite\",\"@id\":\"https:\/\/www.otticacarraro.it\/it\/#website\",\"url\":\"https:\/\/www.otticacarraro.it\/it\/\",\"name\":\"Ottica Carraro Eyeweardesign\",\"description\":\"Negozio di occhiali a Venezia\",\"publisher\":{\"@id\":\"https:\/\/www.otticacarraro.it\/it\/#organization\"},\"potentialAction\":[{\"@type\":\"SearchAction\",\"target\":{\"@type\":\"EntryPoint\",\"urlTemplate\":\"https:\/\/www.otticacarraro.it\/it\/?s={search_term_string}\"},\"query-input\":{\"@type\":\"PropertyValueSpecification\",\"valueRequired\":true,\"valueName\":\"search_term_string\"}}],\"inLanguage\":\"it-IT\"},{\"@type\":\"Organization\",\"@id\":\"https:\/\/www.otticacarraro.it\/it\/#organization\",\"name\":\"Ottica Carraro\",\"url\":\"https:\/\/www.otticacarraro.it\/it\/\",\"logo\":{\"@type\":\"ImageObject\",\"inLanguage\":\"it-IT\",\"@id\":\"https:\/\/www.otticacarraro.it\/it\/#\/schema\/logo\/image\/\",\"url\":\"https:\/\/www.otticacarraro.it\/wp-content\/uploads\/2019\/08\/logo_ottica_carraro_hd.png\",\"contentUrl\":\"https:\/\/www.otticacarraro.it\/wp-content\/uploads\/2019\/08\/logo_ottica_carraro_hd.png\",\"width\":800,\"height\":142,\"caption\":\"Ottica Carraro\"},\"image\":{\"@id\":\"https:\/\/www.otticacarraro.it\/it\/#\/schema\/logo\/image\/\"},\"sameAs\":[\"https:\/\/www.facebook.com\/carraroEyeweardesign\/\",\"https:\/\/www.instagram.com\/explore\/tags\/otticacarraro\"]}]}<\/script>\n<!-- \/ Yoast SEO plugin. -->","yoast_head_json":{"title":"Chi Siamo | Ottica Carraro Eyeweardesign","robots":{"index":"index","follow":"follow","max-snippet":"max-snippet:-1","max-image-preview":"max-image-preview:large","max-video-preview":"max-video-preview:-1"},"canonical":"https:\/\/www.otticacarraro.it\/it\/chi-siamo\/","og_locale":"it_IT","og_type":"article","og_title":"Chi Siamo | Ottica Carraro Eyeweardesign","og_description":"[vc_row][vc_column offset=&#8221;vc_col-lg-offset-2 vc_col-lg-9&#8243;][vc_empty_space height=&#8221;64px&#8221;][\/vc_column][\/vc_row][vc_row equal_height=&#8221;yes&#8221; content_placement=&#8221;middle&#8221;][vc_column width=&#8221;1\/2&#8243;][vc_column_text]Tra i negozi pi\u00f9 conosciuti della citt\u00e0, \u00e8 situato nel sestiere di San Marco nell&#8217;elegante &#8220;Calle della Mandola&#8221;, arteria di collegamento tra l&#8217;Accademia e Rialto.\u00a0Inaugurato per la prima volta nel 1967 \u00e8 stato completamente ristrutturato e restaurato ne 1990 grazie all&#8217;architetto Mario Valentini, diretto allievo del famoso architetto veneziano&hellip;","og_url":"https:\/\/www.otticacarraro.it\/it\/chi-siamo\/","og_site_name":"Ottica Carraro Eyeweardesign","article_publisher":"https:\/\/www.facebook.com\/carraroEyeweardesign\/","article_modified_time":"2022-01-12T16:45:43+00:00","og_image":[{"width":1920,"height":400,"url":"https:\/\/www.otticacarraro.it\/wp-content\/uploads\/2019\/10\/header_chisiamo.jpg","type":"image\/jpeg"}],"twitter_card":"summary_large_image","twitter_misc":{"Tempo di lettura stimato":"3 minuti"},"schema":{"@context":"https:\/\/schema.org","@graph":[{"@type":"WebPage","@id":"https:\/\/www.otticacarraro.it\/it\/chi-siamo\/","url":"https:\/\/www.otticacarraro.it\/it\/chi-siamo\/","name":"Chi Siamo | Ottica Carraro Eyeweardesign","isPartOf":{"@id":"https:\/\/www.otticacarraro.it\/it\/#website"},"primaryImageOfPage":{"@id":"https:\/\/www.otticacarraro.it\/it\/chi-siamo\/#primaryimage"},"image":{"@id":"https:\/\/www.otticacarraro.it\/it\/chi-siamo\/#primaryimage"},"thumbnailUrl":"https:\/\/www.otticacarraro.it\/wp-content\/uploads\/2019\/10\/header_chisiamo.jpg","datePublished":"2019-09-18T08:15:32+00:00","dateModified":"2022-01-12T16:45:43+00:00","breadcrumb":{"@id":"https:\/\/www.otticacarraro.it\/it\/chi-siamo\/#breadcrumb"},"inLanguage":"it-IT","potentialAction":[{"@type":"ReadAction","target":["https:\/\/www.otticacarraro.it\/it\/chi-siamo\/"]}]},{"@type":"ImageObject","inLanguage":"it-IT","@id":"https:\/\/www.otticacarraro.it\/it\/chi-siamo\/#primaryimage","url":"https:\/\/www.otticacarraro.it\/wp-content\/uploads\/2019\/10\/header_chisiamo.jpg","contentUrl":"https:\/\/www.otticacarraro.it\/wp-content\/uploads\/2019\/10\/header_chisiamo.jpg","width":1920,"height":400},{"@type":"BreadcrumbList","@id":"https:\/\/www.otticacarraro.it\/it\/chi-siamo\/#breadcrumb","itemListElement":[{"@type":"ListItem","position":1,"name":"Home","item":"https:\/\/www.otticacarraro.it\/it\/"},{"@type":"ListItem","position":2,"name":"Chi Siamo"}]},{"@type":"WebSite","@id":"https:\/\/www.otticacarraro.it\/it\/#website","url":"https:\/\/www.otticacarraro.it\/it\/","name":"Ottica Carraro Eyeweardesign","description":"Negozio di occhiali a Venezia","publisher":{"@id":"https:\/\/www.otticacarraro.it\/it\/#organization"},"potentialAction":[{"@type":"SearchAction","target":{"@type":"EntryPoint","urlTemplate":"https:\/\/www.otticacarraro.it\/it\/?s={search_term_string}"},"query-input":{"@type":"PropertyValueSpecification","valueRequired":true,"valueName":"search_term_string"}}],"inLanguage":"it-IT"},{"@type":"Organization","@id":"https:\/\/www.otticacarraro.it\/it\/#organization","name":"Ottica Carraro","url":"https:\/\/www.otticacarraro.it\/it\/","logo":{"@type":"ImageObject","inLanguage":"it-IT","@id":"https:\/\/www.otticacarraro.it\/it\/#\/schema\/logo\/image\/","url":"https:\/\/www.otticacarraro.it\/wp-content\/uploads\/2019\/08\/logo_ottica_carraro_hd.png","contentUrl":"https:\/\/www.otticacarraro.it\/wp-content\/uploads\/2019\/08\/logo_ottica_carraro_hd.png","width":800,"height":142,"caption":"Ottica Carraro"},"image":{"@id":"https:\/\/www.otticacarraro.it\/it\/#\/schema\/logo\/image\/"},"sameAs":["https:\/\/www.facebook.com\/carraroEyeweardesign\/","https:\/\/www.instagram.com\/explore\/tags\/otticacarraro"]}]}},"_links":{"self":[{"href":"https:\/\/www.otticacarraro.it\/it\/wp-json\/wp\/v2\/pages\/2767","targetHints":{"allow":["GET"]}}],"collection":[{"href":"https:\/\/www.otticacarraro.it\/it\/wp-json\/wp\/v2\/pages"}],"about":[{"href":"https:\/\/www.otticacarraro.it\/it\/wp-json\/wp\/v2\/types\/page"}],"author":[{"embeddable":true,"href":"https:\/\/www.otticacarraro.it\/it\/wp-json\/wp\/v2\/users\/1"}],"replies":[{"embeddable":true,"href":"https:\/\/www.otticacarraro.it\/it\/wp-json\/wp\/v2\/comments?post=2767"}],"version-history":[{"count":0,"href":"https:\/\/www.otticacarraro.it\/it\/wp-json\/wp\/v2\/pages\/2767\/revisions"}],"wp:featuredmedia":[{"embeddable":true,"href":"https:\/\/www.otticacarraro.it\/it\/wp-json\/wp\/v2\/media\/3373"}],"wp:attachment":[{"href":"https:\/\/www.otticacarraro.it\/it\/wp-json\/wp\/v2\/media?parent=2767"}],"curies":[{"name":"wp","href":"https:\/\/api.w.org\/{rel}","templated":true}]}}